{"id":45,"date":"2023-02-01T21:34:56","date_gmt":"2023-02-01T20:34:56","guid":{"rendered":"https:\/\/jessica-doula.fr\/?page_id=45"},"modified":"2023-04-04T19:21:56","modified_gmt":"2023-04-04T17:21:56","slug":"qui-suis-je","status":"publish","type":"page","link":"https:\/\/jessica-doula.fr\/?page_id=45","title":{"rendered":"Qui suis-je ?"},"content":{"rendered":"\n<p>Bonjour\u00a0et bienvenue par ici\u00a0!!<\/p>\n\n\n\n<p><br>Je suis Jessica, j\u2019ai 36 ans, et je suis maman deux loulous \u00e2g\u00e9s de 11 ans et 7 \u00bd ans<br>Devenir m\u00e8re m\u2019a men\u00e9e sur le chemin de la connaissance de moi-m\u00eame,<br>Entre la maman que je pensais que je serais, et la maman que je suis devenue,<br>Entre l\u2019image \u00e9dulcor\u00e9e que j\u2019imaginais de la maternit\u00e9\u2026 et la r\u00e9alit\u00e9\u00a0!<br>Mon monde int\u00e9rieur s\u2019est transform\u00e9 et forc\u00e9ment ma vie s\u2019en est trouv\u00e9e chamboul\u00e9e.<\/p>\n\n\n\n<p><br>D\u00e8s la naissance de mon a\u00een\u00e9, je suis devenue une boulimique de l\u2019information, je d\u00e9couvrais tout\u00a0!<br>L\u2019allaitement, le portage, le maternage, la Diversification Men\u00e9e par l\u2019Enfant, la Communication Non<br>Violente etc\u2026<br>Lorsque je suis tomb\u00e9e enceinte de ma fille, j\u2019ai eu envie d\u2019\u00eatre plus actrice de mon accouchement, je<br>me suis renseign\u00e9e beaucoup plus sur la physiologie, j\u2019ai r\u00e9fl\u00e9chi \u00e0 mon projet de naissance, et ma<br>pr\u00e9paration \u00e0 la naissance a \u00e9t\u00e9 ax\u00e9e sur la gestion de la douleur. J\u2019ai v\u00e9cu la naissance de ma fille<br>d\u2019une mani\u00e8re beaucoup plus douce, car je l\u2019avais pr\u00e9par\u00e9e.<\/p>\n\n\n\n<p><br>Pour autant, j\u2019ai encore le souvenir douloureux de mes deux post-partum, vide, incomprise, seule,<br>fatigu\u00e9e, perdue et pleine de doutes. J\u2019aurais eu besoin d\u2019une pr\u00e9sence douce et bienveillante, avec<br>qui discuter, m\u2019\u00e9pancher, qui m\u2019aurait aid\u00e9e dans la logistique du quotidien, car je me suis sentie tr\u00e8s<br>vite d\u00e9pass\u00e9e, une fois mon conjoint reparti au travail.<\/p>\n\n\n\n<p><br>Le temps est pass\u00e9, et j\u2019ai voulu faire de ma passion d\u00e9vorante pour la Petite Enfance mon m\u00e9tier,<br>car je ne m\u2019\u00e9panouissais plus du tout dans le transport et la logistique.<br>Je suis donc retourn\u00e9e sur les bancs de l\u2019\u00e9cole pour obtenir mon Dipl\u00f4me d\u2019Etat d\u2019Auxiliaire de<br>Pu\u00e9riculture,<br>Mais en travaillant en suites de couches en Maternit\u00e9, je me suis rendu compte que je n\u2019avais pas le<br>temps d\u2019\u00eatre \u00e0 l\u2019\u00e9coute des mamans,<br>Je suis donc partie travailler en cr\u00e8che, mais la r\u00e9alit\u00e9 du terrain m\u2019a quelque peu \u00e9c\u0153ur\u00e9e,<\/p>\n\n\n\n<p><br>Alors, apr\u00e8s plusieurs ann\u00e9es \u00e0 y penser, j\u2019ai saut\u00e9 le pas, c\u2019\u00e9tait le bon moment pour moi d\u2019int\u00e9grer<br>la magnifique Ecole Doula des Lunes, qui m\u2019attirait beaucoup par son contenu holistique.<\/p>\n\n\n\n<p><br>Ma mission est d\u2019accompagner les femmes, de mani\u00e8re non m\u00e9dicale, mais avec toute ma<br>bienveillance, tout mon amour sur leur chemin du devenir m\u00e8re, d\u2019\u00eatre cette pr\u00e9sence douce et<br>empathique, d\u2019\u00eatre l\u00e0 pour elles, selon leurs besoins, et pour leur entourage.<br>Parce qu\u2019on suit de tr\u00e8s pr\u00e8s les femmes pendant leur grossesse, mais que beaucoup se sentent<br>seules et pleine de doutes apr\u00e8s leur enfantement,<br>Parce qu\u2019il est vital que les femmes vivent leur matrescence de la plus belle fa\u00e7on qu\u2019il soit, qu\u2019il est<br>primordial que leurs besoins de base soient respect\u00e9s, pour elle, pour ses enfants, son couple,<br>Parce qu\u2019il faut tout un village pour \u00e9lever un enfant, mais que dans notre soci\u00e9t\u00e9, ce village n\u2019est<br>plus.<br>Parce que le monde a besoin de doulas.<\/p>\n","protected":false},"excerpt":{"rendered":"<p>Bonjour\u00a0et bienvenue par ici\u00a0!! Je suis Jessica, j\u2019ai 36 ans, et je suis maman deux loulous \u00e2g\u00e9s de 11 ans et 7 \u00bd ansDevenir m\u00e8re m\u2019a men\u00e9e sur le chemin de la connaissance de moi-m\u00eame,Entre la maman que je pensais que je serais, et la maman que je suis devenue,Entre l\u2019image \u00e9dulcor\u00e9e que j\u2019imaginais de la maternit\u00e9\u2026 et la r\u00e9alit\u00e9\u00a0!Mon monde int\u00e9rieur s\u2019est transform\u00e9 et forc\u00e9ment ma vie s\u2019en est trouv\u00e9e chamboul\u00e9e. D\u00e8s la naissance de mon a\u00een\u00e9, je suis devenue une boulimique de l\u2019information, je d\u00e9couvrais tout\u00a0!L\u2019allaitement, le portage, le maternage, la Diversification Men\u00e9e par l\u2019Enfant, la Communication NonViolente etc\u2026Lorsque je suis tomb\u00e9e enceinte de ma fille, j\u2019ai eu envie d\u2019\u00eatre plus actrice de mon accouchement, jeme suis renseign\u00e9e beaucoup plus sur la physiologie, j\u2019ai r\u00e9fl\u00e9chi \u00e0 mon projet de naissance, et mapr\u00e9paration \u00e0 la naissance a \u00e9t\u00e9 ax\u00e9e sur la gestion de la douleur. J\u2019ai v\u00e9cu la naissance de ma filled\u2019une mani\u00e8re beaucoup plus douce, car je l\u2019avais pr\u00e9par\u00e9e. Pour autant, j\u2019ai encore le souvenir douloureux de mes deux post-partum, vide, incomprise, seule,fatigu\u00e9e, perdue et pleine de doutes. J\u2019aurais eu besoin d\u2019une pr\u00e9sence douce et bienveillante, avecqui discuter, m\u2019\u00e9pancher, qui m\u2019aurait aid\u00e9e dans la logistique du quotidien, car je me suis sentie tr\u00e8svite d\u00e9pass\u00e9e, une fois mon conjoint reparti au travail. Le temps est pass\u00e9, et j\u2019ai voulu faire de ma passion d\u00e9vorante pour la Petite Enfance mon m\u00e9tier,car je ne m\u2019\u00e9panouissais plus du tout dans le transport et la logistique.Je suis donc retourn\u00e9e sur les bancs de l\u2019\u00e9cole pour obtenir mon Dipl\u00f4me d\u2019Etat d\u2019Auxiliaire dePu\u00e9riculture,Mais en travaillant en suites de couches en Maternit\u00e9, je me suis rendu compte que je n\u2019avais pas letemps d\u2019\u00eatre \u00e0 l\u2019\u00e9coute des mamans,Je suis donc partie travailler en cr\u00e8che, mais la r\u00e9alit\u00e9 du terrain m\u2019a quelque peu \u00e9c\u0153ur\u00e9e, Alors, apr\u00e8s plusieurs ann\u00e9es \u00e0 y penser, j\u2019ai saut\u00e9 le pas, c\u2019\u00e9tait le bon moment pour moi d\u2019int\u00e9grerla magnifique Ecole Doula des Lunes, qui m\u2019attirait beaucoup par son contenu holistique. Ma mission est d\u2019accompagner les femmes, de mani\u00e8re non m\u00e9dicale, mais avec toute mabienveillance, tout mon amour sur leur chemin du devenir m\u00e8re, d\u2019\u00eatre cette pr\u00e9sence douce etempathique, d\u2019\u00eatre l\u00e0 pour elles, selon leurs besoins, et pour leur entourage.Parce qu\u2019on suit de tr\u00e8s pr\u00e8s les femmes pendant leur grossesse, mais que beaucoup se sententseules et pleine de doutes apr\u00e8s leur enfantement,Parce qu\u2019il est vital que les femmes vivent leur matrescence de la plus belle fa\u00e7on qu\u2019il soit, qu\u2019il estprimordial que leurs besoins de base soient respect\u00e9s, pour elle, pour ses enfants, son couple,Parce qu\u2019il faut tout un village pour \u00e9lever un enfant, mais que dans notre soci\u00e9t\u00e9, ce village n\u2019estplus.Parce que le monde a besoin de doulas.<\/p>\n","protected":false},"author":1,"featured_media":0,"parent":0,"menu_order":0,"comment_status":"closed","ping_status":"closed","template":"","meta":{"_monsterinsights_skip_tracking":false,"_monsterinsights_sitenote_active":false,"_monsterinsights_sitenote_note":"","_monsterinsights_sitenote_category":0,"footnotes":""},"aioseo_notices":[],"_links":{"self":[{"href":"https:\/\/jessica-doula.fr\/index.php?rest_route=\/wp\/v2\/pages\/45"}],"collection":[{"href":"https:\/\/jessica-doula.fr\/index.php?rest_route=\/wp\/v2\/pages"}],"about":[{"href":"https:\/\/jessica-doula.fr\/index.php?rest_route=\/wp\/v2\/types\/page"}],"author":[{"embeddable":true,"href":"https:\/\/jessica-doula.fr\/index.php?rest_route=\/wp\/v2\/users\/1"}],"replies":[{"embeddable":true,"href":"https:\/\/jessica-doula.fr\/index.php?rest_route=%2Fwp%2Fv2%2Fcomments&post=45"}],"version-history":[{"count":3,"href":"https:\/\/jessica-doula.fr\/index.php?rest_route=\/wp\/v2\/pages\/45\/revisions"}],"predecessor-version":[{"id":68,"href":"https:\/\/jessica-doula.fr\/index.php?rest_route=\/wp\/v2\/pages\/45\/revisions\/68"}],"wp:attachment":[{"href":"https:\/\/jessica-doula.fr\/index.php?rest_route=%2Fwp%2Fv2%2Fmedia&parent=45"}],"curies":[{"name":"wp","href":"https:\/\/api.w.org\/{rel}","templated":true}]}}